{"id":12226,"date":"2024-11-11T16:38:11","date_gmt":"2024-11-11T15:38:11","guid":{"rendered":"https:\/\/tzcitluk.ba\/stecci\/"},"modified":"2025-01-08T17:19:22","modified_gmt":"2025-01-08T16:19:22","slug":"mittelalterliche-grabsteine","status":"publish","type":"page","link":"https:\/\/tzcitluk.ba\/de\/mittelalterliche-grabsteine\/","title":{"rendered":"Mittelalterliche Grabsteine"},"content":{"rendered":"\t\t<div data-elementor-type=\"wp-page\" data-elementor-id=\"12226\" class=\"elementor elementor-12226 elementor-7708\">\n\t\t\t\t<div class=\"elementor-element elementor-element-a40f462 e-flex e-con-boxed e-con e-parent\" data-id=\"a40f462\" data-element_type=\"container\" data-e-type=\"container\">\n\t\t\t\t\t<div class=\"e-con-inner\">\n\t\t\t\t<div class=\"elementor-element elementor-element-a39b005 elementor-widget elementor-widget-text-editor\" data-id=\"a39b005\" data-element_type=\"widget\" data-e-type=\"widget\" data-widget_type=\"text-editor.default\">\n\t\t\t\t<div class=\"elementor-widget-container\">\n\t\t\t\t\t\t\t\t\t<p>**Ste\u0107ci** sind Grabdenkm\u00e4ler, die zwischen der zweiten H\u00e4lfte des 12. Jahrhunderts und dem Beginn des 16. Jahrhunderts auftauchen und die Art und Weise der Beisetzung der Verstorbenen darstellen. Man kann frei sagen, dass sie ein Statussymbol sind, ein Ausdruck des Reichtums des Verstorbenen oder der Familie, die ihn beerdigt.\u00a0 <br \/>Die sch\u00f6nsten Ste\u0107ci geh\u00f6rten dem Adel und anderen wohlhabenden Personen jener Zeit, w\u00e4hrend die Ste\u0107ci weniger wohlhabender Verstorbener ohne Verzierungen blieben.\u00a0 <br \/>Die wertvollsten Ste\u0107ci sind diejenigen mit Inschriften und Verzierungen.\u00a0 <br \/>Laut einer Feldforschung, die 2018 von Dijana Kora\u0107 und Ru\u017eica Mirkovi\u0107 im Gebiet der Gemeinde \u010citluk durchgef\u00fchrt wurde, wurden 61 Standorte mit insgesamt 796 Ste\u0107ci dokumentiert.\u00a0 <br \/>Auf insgesamt 8 Standorten wurden Inschriften gefunden (4 davon wurden auf der Nekropole &#8220;Viso\u010dica&#8221; in Veliki Ogra\u0111enik dokumentiert, w\u00e4hrend die restlichen 4 Inschriften in \u010cerin, Pao\u010da, Gradni\u0107i und Slu\u017eanj gefunden wurden).\u00a0 <br \/><br \/>Weitere Informationen finden Sie unter dem Link **<span style=\"color: #000080;\"><a style=\"color: #000080;\" href=\"https:\/\/hrcak.srce.hr\/file\/304107\">Ste\u0107ci in der Gemeinde \u010citluk<\/a><\/span>**. Alle Urheberrechte liegen bei Dijana Kora\u0107 und Ru\u017eica Mirkovi\u0107.<\/p>\t\t\t\t\t\t\t\t<\/div>\n\t\t\t\t<\/div>\n\t\t\t\t\t<\/div>\n\t\t\t\t<\/div>\n\t\t\t\t<\/div>\n\t\t","protected":false},"excerpt":{"rendered":"<p>**Ste\u0107ci** sind Grabdenkm\u00e4ler, die zwischen der zweiten H\u00e4lfte des 12. Jahrhunderts und dem Beginn des 16. Jahrhunderts auftauchen und die Art und Weise der Beisetzung der Verstorbenen darstellen. Man kann frei sagen, dass sie ein Statussymbol sind, ein Ausdruck des Reichtums des Verstorbenen oder der Familie, die ihn beerdigt. Die sch\u00f6nsten Ste\u0107ci geh\u00f6rten dem Adel&#8230;<\/p>\n","protected":false},"author":2,"featured_media":0,"parent":0,"menu_order":0,"comment_status":"closed","ping_status":"closed","template":"","meta":{"footnotes":""},"class_list":["post-12226","page","type-page","status-publish","hentry"],"aioseo_notices":[],"rttpg_featured_image_url":null,"rttpg_author":{"display_name":"kreso","author_link":"https:\/\/tzcitluk.ba\/de\/author\/kreso\/"},"rttpg_comment":0,"rttpg_category":" <a href=\"https:\/\/tzcitluk.ba\/?taxonomy=translation_priority&#038;term=optional\" rel=\"tag\">Optional<\/a><a href=\"https:\/\/tzcitluk.ba\/de\/?taxonomy=translation_priority&#038;term=optional-de\" rel=\"tag\">Optional<\/a>","rttpg_excerpt":"**Ste\u0107ci** sind Grabdenkm\u00e4ler, die zwischen der zweiten H\u00e4lfte des 12. Jahrhunderts und dem Beginn des 16. Jahrhunderts auftauchen und die Art und Weise der Beisetzung der Verstorbenen darstellen. Man kann frei sagen, dass sie ein Statussymbol sind, ein Ausdruck des Reichtums des Verstorbenen oder der Familie, die ihn beerdigt. Die sch\u00f6nsten Ste\u0107ci geh\u00f6rten dem Adel...","_links":{"self":[{"href":"https:\/\/tzcitluk.ba\/de\/wp-json\/wp\/v2\/pages\/12226","targetHints":{"allow":["GET"]}}],"collection":[{"href":"https:\/\/tzcitluk.ba\/de\/wp-json\/wp\/v2\/pages"}],"about":[{"href":"https:\/\/tzcitluk.ba\/de\/wp-json\/wp\/v2\/types\/page"}],"author":[{"embeddable":true,"href":"https:\/\/tzcitluk.ba\/de\/wp-json\/wp\/v2\/users\/2"}],"replies":[{"embeddable":true,"href":"https:\/\/tzcitluk.ba\/de\/wp-json\/wp\/v2\/comments?post=12226"}],"version-history":[{"count":8,"href":"https:\/\/tzcitluk.ba\/de\/wp-json\/wp\/v2\/pages\/12226\/revisions"}],"predecessor-version":[{"id":14360,"href":"https:\/\/tzcitluk.ba\/de\/wp-json\/wp\/v2\/pages\/12226\/revisions\/14360"}],"wp:attachment":[{"href":"https:\/\/tzcitluk.ba\/de\/wp-json\/wp\/v2\/media?parent=12226"}],"curies":[{"name":"wp","href":"https:\/\/api.w.org\/{rel}","templated":true}]}}