{"id":13412,"date":"2024-11-14T16:55:22","date_gmt":"2024-11-14T15:55:22","guid":{"rendered":"https:\/\/tzcitluk.ba\/krizevac\/"},"modified":"2025-01-08T16:37:18","modified_gmt":"2025-01-08T15:37:18","slug":"krizevac","status":"publish","type":"page","link":"https:\/\/tzcitluk.ba\/pl\/krizevac\/","title":{"rendered":"Kri\u017eevac"},"content":{"rendered":"\t\t<div data-elementor-type=\"wp-page\" data-elementor-id=\"13412\" class=\"elementor elementor-13412 elementor-7977\">\n\t\t\t\t<div class=\"elementor-element elementor-element-00be0e1 e-flex e-con-boxed e-con e-parent\" data-id=\"00be0e1\" data-element_type=\"container\" data-e-type=\"container\">\n\t\t\t\t\t<div class=\"e-con-inner\">\n\t\t\t\t<div class=\"elementor-element elementor-element-1902b0f elementor-widget elementor-widget-heading\" data-id=\"1902b0f\" data-element_type=\"widget\" data-e-type=\"widget\" data-widget_type=\"heading.default\">\n\t\t\t\t<div class=\"elementor-widget-container\">\n\t\t\t\t\t<h2 class=\"elementor-heading-title elementor-size-default\">Kri\u017eevac<\/h2>\t\t\t\t<\/div>\n\t\t\t\t<\/div>\n\t\t\t\t<div class=\"elementor-element elementor-element-964589e elementor-widget elementor-widget-text-editor\" data-id=\"964589e\" data-element_type=\"widget\" data-e-type=\"widget\" data-widget_type=\"text-editor.default\">\n\t\t\t\t<div class=\"elementor-widget-container\">\n\t\t\t\t\t\t\t\t\t<p>Kri\u017eevac to wzg\u00f3rze nad Me\u0111ugorjem. Kamienista droga z drogami Drogi Krzy\u017ca, kt\u00f3re zosta\u0142y ustawione w 1987 roku, prowadzi na szczyt, gdzie stoi 8,56-metrowy betonowy krzy\u017c, w budowie kt\u00f3rego uczestniczyli mieszka\u0144cy wszystkich pi\u0119ciu wiosek parafii Me\u0111ugorje na zaproszenie proboszcza fra Bernardina Smoljana. Krzy\u017c zosta\u0142 zbudowany w styczniu i lutym 1934 roku, aby uczci\u0107 Jubileuszowy Rok: 1900-lecie m\u0119ki i \u015bmierci Pana naszego Jezusa Chrystusa. W marcu tego samego roku krzy\u017c zosta\u0142 pob\u0142ogos\u0142awiony, a odprawiona zosta\u0142a pierwsza Msza \u015awi\u0119ta. W przes\u0142aniu z 30 sierpnia 1984 roku, Matka Bo\u017ca powiedzia\u0142a: \u201eDrogie dzieci! Krzy\u017c by\u0142 cz\u0119\u015bci\u0105 Bo\u017cego planu, kiedy go zbudowali\u015bcie.\u201d<\/p>\t\t\t\t\t\t\t\t<\/div>\n\t\t\t\t<\/div>\n\t\t\t\t<div class=\"elementor-element elementor-element-8535715 elementor-arrows-position-inside elementor-widget elementor-widget-image-carousel\" data-id=\"8535715\" data-element_type=\"widget\" data-e-type=\"widget\" data-settings=\"{&quot;navigation&quot;:&quot;arrows&quot;,&quot;autoplay_speed&quot;:2000,&quot;image_spacing_custom&quot;:{&quot;unit&quot;:&quot;px&quot;,&quot;size&quot;:5,&quot;sizes&quot;:[]},&quot;autoplay&quot;:&quot;yes&quot;,&quot;pause_on_hover&quot;:&quot;yes&quot;,&quot;pause_on_interaction&quot;:&quot;yes&quot;,&quot;infinite&quot;:&quot;yes&quot;,&quot;speed&quot;:500,&quot;image_spacing_custom_tablet&quot;:{&quot;unit&quot;:&quot;px&quot;,&quot;size&quot;:&quot;&quot;,&quot;sizes&quot;:[]},&quot;image_spacing_custom_mobile&quot;:{&quot;unit&quot;:&quot;px&quot;,&quot;size&quot;:&quot;&quot;,&quot;sizes&quot;:[]}}\" data-widget_type=\"image-carousel.default\">\n\t\t\t\t<div class=\"elementor-widget-container\">\n\t\t\t\t\t\t\t<div class=\"elementor-image-carousel-wrapper swiper\" role=\"region\" aria-roledescription=\"carousel\" aria-label=\"Karuzela obrazk\u00f3w\" dir=\"ltr\">\n\t\t\t<div class=\"elementor-image-carousel swiper-wrapper\" aria-live=\"off\">\n\t\t\t\t\t\t\t\t<div class=\"swiper-slide\" role=\"group\" aria-roledescription=\"slide\" aria-label=\"1 z 6\"><a data-elementor-open-lightbox=\"yes\" data-elementor-lightbox-slideshow=\"8535715\" data-elementor-lightbox-title=\"DSC_0136 (2)\" data-e-action-hash=\"#elementor-action%3Aaction%3Dlightbox%26settings%3DeyJpZCI6ODExMiwidXJsIjoiaHR0cHM6XC9cL3R6Y2l0bHVrLmJhXC93cC1jb250ZW50XC91cGxvYWRzXC8yMDI0XC8xMVwvRFNDXzAxMzYtMi5qcGciLCJzbGlkZXNob3ciOiI4NTM1NzE1In0%3D\" href=\"https:\/\/tzcitluk.ba\/wp-content\/uploads\/2024\/11\/DSC_0136-2.jpg\"><figure class=\"swiper-slide-inner\"><img decoding=\"async\" class=\"swiper-slide-image\" src=\"https:\/\/tzcitluk.ba\/wp-content\/uploads\/elementor\/thumbs\/DSC_0136-2-qx8jyra9rlefmbj6ilmv60kf05q48defdpzkrp8v98.jpg\" alt=\"DSC_0136 (2)\" \/><\/figure><\/a><\/div><div class=\"swiper-slide\" role=\"group\" aria-roledescription=\"slide\" aria-label=\"2 z 6\"><a data-elementor-open-lightbox=\"yes\" data-elementor-lightbox-slideshow=\"8535715\" data-elementor-lightbox-title=\"DSC_7648\" data-e-action-hash=\"#elementor-action%3Aaction%3Dlightbox%26settings%3DeyJpZCI6ODExMywidXJsIjoiaHR0cHM6XC9cL3R6Y2l0bHVrLmJhXC93cC1jb250ZW50XC91cGxvYWRzXC8yMDI0XC8xMVwvRFNDXzc2NDgtMS5qcGciLCJzbGlkZXNob3ciOiI4NTM1NzE1In0%3D\" href=\"https:\/\/tzcitluk.ba\/wp-content\/uploads\/2024\/11\/DSC_7648-1.jpg\"><figure class=\"swiper-slide-inner\"><img decoding=\"async\" class=\"swiper-slide-image\" src=\"https:\/\/tzcitluk.ba\/wp-content\/uploads\/elementor\/thumbs\/DSC_7648-1-qx8jyt5y59h09jgg7mg4b03c6xgunrlw1zajq962ws.jpg\" alt=\"DSC_7648\" \/><\/figure><\/a><\/div><div class=\"swiper-slide\" role=\"group\" aria-roledescription=\"slide\" aria-label=\"3 z 6\"><a data-elementor-open-lightbox=\"yes\" data-elementor-lightbox-slideshow=\"8535715\" data-elementor-lightbox-title=\"DSC_9132\" data-e-action-hash=\"#elementor-action%3Aaction%3Dlightbox%26settings%3DeyJpZCI6ODExNCwidXJsIjoiaHR0cHM6XC9cL3R6Y2l0bHVrLmJhXC93cC1jb250ZW50XC91cGxvYWRzXC8yMDI0XC8xMVwvRFNDXzkxMzIuanBnIiwic2xpZGVzaG93IjoiODUzNTcxNSJ9\" href=\"https:\/\/tzcitluk.ba\/wp-content\/uploads\/2024\/11\/DSC_9132.jpg\"><figure class=\"swiper-slide-inner\"><img decoding=\"async\" class=\"swiper-slide-image\" src=\"https:\/\/tzcitluk.ba\/wp-content\/uploads\/elementor\/thumbs\/DSC_9132-qx8jyv1mixjkwrdpwn9dfzm9dp7l35tcq8liot3akc.jpg\" alt=\"DSC_9132\" \/><\/figure><\/a><\/div><div class=\"swiper-slide\" role=\"group\" aria-roledescription=\"slide\" aria-label=\"4 z 6\"><a data-elementor-open-lightbox=\"yes\" data-elementor-lightbox-slideshow=\"8535715\" data-elementor-lightbox-title=\"DSC03910\" data-e-action-hash=\"#elementor-action%3Aaction%3Dlightbox%26settings%3DeyJpZCI6ODExNSwidXJsIjoiaHR0cHM6XC9cL3R6Y2l0bHVrLmJhXC93cC1jb250ZW50XC91cGxvYWRzXC8yMDI0XC8xMVwvRFNDMDM5MTAuanBnIiwic2xpZGVzaG93IjoiODUzNTcxNSJ9\" href=\"https:\/\/tzcitluk.ba\/wp-content\/uploads\/2024\/11\/DSC03910.jpg\"><figure class=\"swiper-slide-inner\"><img decoding=\"async\" class=\"swiper-slide-image\" src=\"https:\/\/tzcitluk.ba\/wp-content\/uploads\/elementor\/thumbs\/DSC03910-qx8jyvzgprkv8dccr5o00hdpz32yaux32d90631we4.jpg\" alt=\"DSC03910\" \/><\/figure><\/a><\/div><div class=\"swiper-slide\" role=\"group\" aria-roledescription=\"slide\" aria-label=\"5 z 6\"><a data-elementor-open-lightbox=\"yes\" data-elementor-lightbox-slideshow=\"8535715\" data-elementor-lightbox-title=\"DSC04543\" data-e-action-hash=\"#elementor-action%3Aaction%3Dlightbox%26settings%3DeyJpZCI6ODExNiwidXJsIjoiaHR0cHM6XC9cL3R6Y2l0bHVrLmJhXC93cC1jb250ZW50XC91cGxvYWRzXC8yMDI0XC8xMVwvRFNDMDQ1NDMuanBnIiwic2xpZGVzaG93IjoiODUzNTcxNSJ9\" href=\"https:\/\/tzcitluk.ba\/wp-content\/uploads\/2024\/11\/DSC04543.jpg\"><figure class=\"swiper-slide-inner\"><img decoding=\"async\" class=\"swiper-slide-image\" src=\"https:\/\/tzcitluk.ba\/wp-content\/uploads\/elementor\/thumbs\/DSC04543-qx8jyxv53fnfvl9mg6h95gwn5utoq94jqmjz4mz41o.jpg\" alt=\"DSC04543\" \/><\/figure><\/a><\/div><div class=\"swiper-slide\" role=\"group\" aria-roledescription=\"slide\" aria-label=\"6 z 6\"><a data-elementor-open-lightbox=\"yes\" data-elementor-lightbox-slideshow=\"8535715\" data-elementor-lightbox-title=\"DSC08190\" data-e-action-hash=\"#elementor-action%3Aaction%3Dlightbox%26settings%3DeyJpZCI6ODExNywidXJsIjoiaHR0cHM6XC9cL3R6Y2l0bHVrLmJhXC93cC1jb250ZW50XC91cGxvYWRzXC8yMDI0XC8xMVwvRFNDMDgxOTAuanBnIiwic2xpZGVzaG93IjoiODUzNTcxNSJ9\" href=\"https:\/\/tzcitluk.ba\/wp-content\/uploads\/2024\/11\/DSC08190.jpg\"><figure class=\"swiper-slide-inner\"><img decoding=\"async\" class=\"swiper-slide-image\" src=\"https:\/\/tzcitluk.ba\/wp-content\/uploads\/elementor\/thumbs\/DSC08190-qx8jyysza9oq7789aovvpyo3r8p1xy8a2r7glwxpvg.jpg\" alt=\"DSC08190\" \/><\/figure><\/a><\/div>\t\t\t<\/div>\n\t\t\t\t\t\t\t\t\t\t\t\t<div class=\"elementor-swiper-button elementor-swiper-button-prev\" role=\"button\" tabindex=\"0\">\n\t\t\t\t\t\t<svg aria-hidden=\"true\" class=\"e-font-icon-svg e-eicon-chevron-left\" viewBox=\"0 0 1000 1000\" xmlns=\"http:\/\/www.w3.org\/2000\/svg\"><path d=\"M646 125C629 125 613 133 604 142L308 442C296 454 292 471 292 487 292 504 296 521 308 533L604 854C617 867 629 875 646 875 663 875 679 871 692 858 704 846 713 829 713 812 713 796 708 779 692 767L438 487 692 225C700 217 708 204 708 187 708 171 704 154 692 142 675 129 663 125 646 125Z\"><\/path><\/svg>\t\t\t\t\t<\/div>\n\t\t\t\t\t<div class=\"elementor-swiper-button elementor-swiper-button-next\" role=\"button\" tabindex=\"0\">\n\t\t\t\t\t\t<svg aria-hidden=\"true\" class=\"e-font-icon-svg e-eicon-chevron-right\" viewBox=\"0 0 1000 1000\" xmlns=\"http:\/\/www.w3.org\/2000\/svg\"><path d=\"M696 533C708 521 713 504 713 487 713 471 708 454 696 446L400 146C388 133 375 125 354 125 338 125 325 129 313 142 300 154 292 171 292 187 292 204 296 221 308 233L563 492 304 771C292 783 288 800 288 817 288 833 296 850 308 863 321 871 338 875 354 875 371 875 388 867 400 854L696 533Z\"><\/path><\/svg>\t\t\t\t\t<\/div>\n\t\t\t\t\n\t\t\t\t\t\t\t\t\t<\/div>\n\t\t\t\t\t\t<\/div>\n\t\t\t\t<\/div>\n\t\t\t\t\t<\/div>\n\t\t\t\t<\/div>\n\t\t\t\t<\/div>\n\t\t","protected":false},"excerpt":{"rendered":"<p>Kri\u017eevac Kri\u017eevac to wzg\u00f3rze nad Me\u0111ugorjem. Kamienista droga z drogami Drogi Krzy\u017ca, kt\u00f3re zosta\u0142y ustawione w 1987 roku, prowadzi na szczyt, gdzie stoi 8,56-metrowy betonowy krzy\u017c, w budowie kt\u00f3rego uczestniczyli mieszka\u0144cy wszystkich pi\u0119ciu wiosek parafii Me\u0111ugorje na zaproszenie proboszcza fra Bernardina Smoljana. Krzy\u017c zosta\u0142 zbudowany w styczniu i lutym 1934 roku, aby uczci\u0107 Jubileuszowy Rok:&#8230;<\/p>\n","protected":false},"author":2,"featured_media":0,"parent":0,"menu_order":0,"comment_status":"closed","ping_status":"closed","template":"","meta":{"footnotes":""},"class_list":["post-13412","page","type-page","status-publish","hentry"],"aioseo_notices":[],"aioseo_head":"\n\t\t<!-- All in One SEO 4.9.9 - aioseo.com -->\n\t<meta name=\"robots\" content=\"noindex, max-image-preview:large\" \/>\n\t<link rel=\"canonical\" href=\"https:\/\/tzcitluk.ba\/pl\/?travolo_footer=footer-05\" \/>\n\t<meta name=\"generator\" content=\"All in One SEO (AIOSEO) 4.9.9\" \/>\n\t\t<meta property=\"og:locale\" content=\"pl_PL\" \/>\n\t\t<meta property=\"og:site_name\" content=\"Turisti\u010dka zajednica \u010citluk -\" \/>\n\t\t<meta property=\"og:type\" content=\"article\" \/>\n\t\t<meta property=\"og:title\" content=\"Footer 05_pl - Turisti\u010dka zajednica \u010citluk\" \/>\n\t\t<meta property=\"og:url\" content=\"https:\/\/tzcitluk.ba\/pl\/?travolo_footer=footer-05\" \/>\n\t\t<meta property=\"og:image\" content=\"https:\/\/tzcitluk.ba\/wp-content\/uploads\/2024\/11\/Bez-naslova-2.jpg\" \/>\n\t\t<meta property=\"og:image:secure_url\" content=\"https:\/\/tzcitluk.ba\/wp-content\/uploads\/2024\/11\/Bez-naslova-2.jpg\" \/>\n\t\t<meta property=\"og:image:width\" content=\"1920\" \/>\n\t\t<meta property=\"og:image:height\" content=\"920\" \/>\n\t\t<meta property=\"article:published_time\" content=\"2024-04-22T09:46:32+00:00\" \/>\n\t\t<meta property=\"article:modified_time\" content=\"2025-01-03T11:52:29+00:00\" \/>\n\t\t<meta property=\"article:publisher\" content=\"https:\/\/www.facebook.com\/people\/Turistika-Zajednica-Opine-itluk\/61560925228826\/\" \/>\n\t\t<meta name=\"twitter:card\" content=\"summary_large_image\" \/>\n\t\t<meta name=\"twitter:title\" content=\"Footer 05_pl - Turisti\u010dka zajednica \u010citluk\" \/>\n\t\t<meta name=\"twitter:image\" content=\"https:\/\/tzcitluk.ba\/wp-content\/uploads\/2024\/11\/Bez-naslova-2.jpg\" \/>\n\t\t<script type=\"application\/ld+json\" class=\"aioseo-schema\">\n\t\t\t{\"@context\":\"https:\\\/\\\/schema.org\",\"@graph\":[{\"@type\":\"BreadcrumbList\",\"@id\":\"https:\\\/\\\/tzcitluk.ba\\\/pl\\\/?travolo_footer=footer-05#breadcrumblist\",\"itemListElement\":[{\"@type\":\"ListItem\",\"@id\":\"https:\\\/\\\/tzcitluk.ba\\\/pl\\\/#listItem\",\"position\":1,\"name\":\"Home\",\"item\":\"https:\\\/\\\/tzcitluk.ba\\\/pl\\\/\",\"nextItem\":{\"@type\":\"ListItem\",\"@id\":\"https:\\\/\\\/tzcitluk.ba\\\/pl\\\/krizevac\\\/#listItem\",\"name\":\"Kri\\u017eevac\"}},{\"@type\":\"ListItem\",\"@id\":\"https:\\\/\\\/tzcitluk.ba\\\/pl\\\/krizevac\\\/#listItem\",\"position\":2,\"name\":\"Kri\\u017eevac\",\"previousItem\":{\"@type\":\"ListItem\",\"@id\":\"https:\\\/\\\/tzcitluk.ba\\\/pl\\\/#listItem\",\"name\":\"Home\"}}]},{\"@type\":\"Organization\",\"@id\":\"https:\\\/\\\/tzcitluk.ba\\\/pl\\\/#organization\",\"name\":\"Turisti\\u010dka zajednica \\u010citluk\",\"url\":\"https:\\\/\\\/tzcitluk.ba\\\/pl\\\/\",\"telephone\":\"+38763007031\",\"logo\":{\"@type\":\"ImageObject\",\"url\":\"https:\\\/\\\/tzcitluk.ba\\\/wp-content\\\/uploads\\\/2024\\\/11\\\/logotip-horizontalna-verzija.png\",\"@id\":\"https:\\\/\\\/tzcitluk.ba\\\/pl\\\/?travolo_footer=footer-05\\\/#organizationLogo\",\"width\":450,\"height\":138},\"image\":{\"@id\":\"https:\\\/\\\/tzcitluk.ba\\\/pl\\\/?travolo_footer=footer-05\\\/#organizationLogo\"},\"sameAs\":[\"https:\\\/\\\/www.facebook.com\\\/people\\\/Turistika-Zajednica-Opine-itluk\\\/61560925228826\\\/\",\"https:\\\/\\\/www.instagram.com\\\/visitbrotnjo\\\/\"]},{\"@type\":\"WebPage\",\"@id\":\"https:\\\/\\\/tzcitluk.ba\\\/pl\\\/?travolo_footer=footer-05#webpage\",\"url\":\"https:\\\/\\\/tzcitluk.ba\\\/pl\\\/?travolo_footer=footer-05\",\"name\":\"Footer 05_pl - Turisti\\u010dka zajednica \\u010citluk\",\"inLanguage\":\"pl-PL\",\"isPartOf\":{\"@id\":\"https:\\\/\\\/tzcitluk.ba\\\/pl\\\/#website\"},\"breadcrumb\":{\"@id\":\"https:\\\/\\\/tzcitluk.ba\\\/pl\\\/?travolo_footer=footer-05#breadcrumblist\"},\"datePublished\":\"2024-04-22T11:46:32+02:00\",\"dateModified\":\"2025-01-03T12:52:29+01:00\"},{\"@type\":\"WebSite\",\"@id\":\"https:\\\/\\\/tzcitluk.ba\\\/pl\\\/#website\",\"url\":\"https:\\\/\\\/tzcitluk.ba\\\/pl\\\/\",\"name\":\"Turisti\\u010dka zajednica \\u010citluk\",\"inLanguage\":\"pl-PL\",\"publisher\":{\"@id\":\"https:\\\/\\\/tzcitluk.ba\\\/pl\\\/#organization\"}}]}\n\t\t<\/script>\n\t\t<!-- All in One SEO -->\n\n","aioseo_head_json":{"title":"Footer 05_pl - Turisti\u010dka zajednica \u010citluk","description":"","canonical_url":"https:\/\/tzcitluk.ba\/pl\/?travolo_footer=footer-05","robots":"noindex, max-image-preview:large","keywords":"","webmasterTools":{"miscellaneous":""},"schema":{"@context":"https:\/\/schema.org","@graph":[{"@type":"BreadcrumbList","@id":"https:\/\/tzcitluk.ba\/pl\/?travolo_footer=footer-05#breadcrumblist","itemListElement":[{"@type":"ListItem","@id":"https:\/\/tzcitluk.ba\/pl\/#listItem","position":1,"name":"Home","item":"https:\/\/tzcitluk.ba\/pl\/","nextItem":{"@type":"ListItem","@id":"https:\/\/tzcitluk.ba\/pl\/krizevac\/#listItem","name":"Kri\u017eevac"}},{"@type":"ListItem","@id":"https:\/\/tzcitluk.ba\/pl\/krizevac\/#listItem","position":2,"name":"Kri\u017eevac","previousItem":{"@type":"ListItem","@id":"https:\/\/tzcitluk.ba\/pl\/#listItem","name":"Home"}}]},{"@type":"Organization","@id":"https:\/\/tzcitluk.ba\/pl\/#organization","name":"Turisti\u010dka zajednica \u010citluk","url":"https:\/\/tzcitluk.ba\/pl\/","telephone":"+38763007031","logo":{"@type":"ImageObject","url":"https:\/\/tzcitluk.ba\/wp-content\/uploads\/2024\/11\/logotip-horizontalna-verzija.png","@id":"https:\/\/tzcitluk.ba\/pl\/?travolo_footer=footer-05\/#organizationLogo","width":450,"height":138},"image":{"@id":"https:\/\/tzcitluk.ba\/pl\/?travolo_footer=footer-05\/#organizationLogo"},"sameAs":["https:\/\/www.facebook.com\/people\/Turistika-Zajednica-Opine-itluk\/61560925228826\/","https:\/\/www.instagram.com\/visitbrotnjo\/"]},{"@type":"WebPage","@id":"https:\/\/tzcitluk.ba\/pl\/?travolo_footer=footer-05#webpage","url":"https:\/\/tzcitluk.ba\/pl\/?travolo_footer=footer-05","name":"Footer 05_pl - Turisti\u010dka zajednica \u010citluk","inLanguage":"pl-PL","isPartOf":{"@id":"https:\/\/tzcitluk.ba\/pl\/#website"},"breadcrumb":{"@id":"https:\/\/tzcitluk.ba\/pl\/?travolo_footer=footer-05#breadcrumblist"},"datePublished":"2024-04-22T11:46:32+02:00","dateModified":"2025-01-03T12:52:29+01:00"},{"@type":"WebSite","@id":"https:\/\/tzcitluk.ba\/pl\/#website","url":"https:\/\/tzcitluk.ba\/pl\/","name":"Turisti\u010dka zajednica \u010citluk","inLanguage":"pl-PL","publisher":{"@id":"https:\/\/tzcitluk.ba\/pl\/#organization"}}]},"og:locale":"pl_PL","og:site_name":"Turisti\u010dka zajednica \u010citluk -","og:type":"article","og:title":"Footer 05_pl - Turisti\u010dka zajednica \u010citluk","og:url":"https:\/\/tzcitluk.ba\/pl\/?travolo_footer=footer-05","og:image":"https:\/\/tzcitluk.ba\/wp-content\/uploads\/2024\/11\/Bez-naslova-2.jpg","og:image:secure_url":"https:\/\/tzcitluk.ba\/wp-content\/uploads\/2024\/11\/Bez-naslova-2.jpg","og:image:width":1920,"og:image:height":920,"article:published_time":"2024-04-22T09:46:32+00:00","article:modified_time":"2025-01-03T11:52:29+00:00","article:publisher":"https:\/\/www.facebook.com\/people\/Turistika-Zajednica-Opine-itluk\/61560925228826\/","twitter:card":"summary_large_image","twitter:title":"Footer 05_pl - Turisti\u010dka zajednica \u010citluk","twitter:image":"https:\/\/tzcitluk.ba\/wp-content\/uploads\/2024\/11\/Bez-naslova-2.jpg"},"aioseo_meta_data":{"post_id":"13412","title":null,"description":"Kri\u017eevac to wzg\u00f3rze nad Me\u0111ugorjem. Kamienista droga z drogami Drogi Krzy\u017ca, kt\u00f3re zosta\u0142y ustawione w 1987 roku, prowadzi na szczyt, gdzie stoi 8,56-metrowy","keywords":null,"keyphrases":{"focus":{"keyphrase":"","score":0,"analysis":{"keyphraseInTitle":{"score":0,"maxScore":9,"error":1}}},"additional":[]},"primary_term":null,"canonical_url":null,"og_title":null,"og_description":null,"og_object_type":"default","og_image_type":"default","og_image_url":null,"og_image_width":null,"og_image_height":null,"og_image_custom_url":null,"og_image_custom_fields":null,"og_video":"","og_custom_url":null,"og_article_section":null,"og_article_tags":null,"twitter_use_og":false,"twitter_card":"default","twitter_image_type":"default","twitter_image_url":null,"twitter_image_custom_url":null,"twitter_image_custom_fields":null,"twitter_title":null,"twitter_description":null,"schema":{"blockGraphs":[],"customGraphs":[],"default":{"data":{"Article":[],"Course":[],"Dataset":[],"FAQPage":[],"Movie":[],"Person":[],"Product":[],"ProductReview":[],"Car":[],"Recipe":[],"Service":[],"SoftwareApplication":[],"WebPage":[]},"graphName":"WebPage","isEnabled":true},"graphs":[]},"schema_type":"default","schema_type_options":null,"pillar_content":false,"robots_default":true,"robots_noindex":false,"robots_noarchive":false,"robots_nosnippet":false,"robots_nofollow":false,"robots_noimageindex":false,"robots_noodp":false,"robots_notranslate":false,"robots_max_snippet":"-1","robots_max_videopreview":"-1","robots_max_imagepreview":"large","priority":null,"frequency":"default","local_seo":null,"breadcrumb_settings":null,"limit_modified_date":false,"ai":null,"created":"2025-01-08 15:37:18","updated":"2026-04-11 12:16:53","seo_analyzer_scan_date":null},"aioseo_breadcrumb":"<div class=\"aioseo-breadcrumbs\"><span class=\"aioseo-breadcrumb\">\n\t\t\t<a href=\"https:\/\/tzcitluk.ba\/pl\/\" title=\"Home\">Home<\/a>\n\t\t<\/span><span class=\"aioseo-breadcrumb-separator\">&raquo;<\/span><span class=\"aioseo-breadcrumb\">\n\t\t\tKri\u017eevac\n\t\t<\/span><\/div>","aioseo_breadcrumb_json":[{"label":"Home","link":"https:\/\/tzcitluk.ba\/pl\/"},{"label":"Kri\u017eevac","link":"https:\/\/tzcitluk.ba\/pl\/krizevac\/"}],"rttpg_featured_image_url":null,"rttpg_author":{"display_name":"kreso","author_link":"https:\/\/tzcitluk.ba\/pl\/author\/kreso\/"},"rttpg_comment":0,"rttpg_category":" <a href=\"https:\/\/tzcitluk.ba\/pl\/?taxonomy=translation_priority&#038;term=opcjonalne\" rel=\"tag\">Opcjonalne<\/a>","rttpg_excerpt":"Kri\u017eevac Kri\u017eevac to wzg\u00f3rze nad Me\u0111ugorjem. Kamienista droga z drogami Drogi Krzy\u017ca, kt\u00f3re zosta\u0142y ustawione w 1987 roku, prowadzi na szczyt, gdzie stoi 8,56-metrowy betonowy krzy\u017c, w budowie kt\u00f3rego uczestniczyli mieszka\u0144cy wszystkich pi\u0119ciu wiosek parafii Me\u0111ugorje na zaproszenie proboszcza fra Bernardina Smoljana. Krzy\u017c zosta\u0142 zbudowany w styczniu i lutym 1934 roku, aby uczci\u0107 Jubileuszowy Rok:...","_links":{"self":[{"href":"https:\/\/tzcitluk.ba\/pl\/wp-json\/wp\/v2\/pages\/13412","targetHints":{"allow":["GET"]}}],"collection":[{"href":"https:\/\/tzcitluk.ba\/pl\/wp-json\/wp\/v2\/pages"}],"about":[{"href":"https:\/\/tzcitluk.ba\/pl\/wp-json\/wp\/v2\/types\/page"}],"author":[{"embeddable":true,"href":"https:\/\/tzcitluk.ba\/pl\/wp-json\/wp\/v2\/users\/2"}],"replies":[{"embeddable":true,"href":"https:\/\/tzcitluk.ba\/pl\/wp-json\/wp\/v2\/comments?post=13412"}],"version-history":[{"count":4,"href":"https:\/\/tzcitluk.ba\/pl\/wp-json\/wp\/v2\/pages\/13412\/revisions"}],"predecessor-version":[{"id":14312,"href":"https:\/\/tzcitluk.ba\/pl\/wp-json\/wp\/v2\/pages\/13412\/revisions\/14312"}],"wp:attachment":[{"href":"https:\/\/tzcitluk.ba\/pl\/wp-json\/wp\/v2\/media?parent=13412"}],"curies":[{"name":"wp","href":"https:\/\/api.w.org\/{rel}","templated":true}]}}